{"id":2,"date":"2024-06-26T15:48:23","date_gmt":"2024-06-26T15:48:23","guid":{"rendered":"https:\/\/amalurraestetika.rkinformatika.online\/?page_id=2"},"modified":"2024-11-24T20:14:56","modified_gmt":"2024-11-24T20:14:56","slug":"inicio","status":"publish","type":"page","link":"https:\/\/amalurraestetika.com\/eus\/","title":{"rendered":"Hasiera"},"content":{"rendered":"\t\t<div data-elementor-type=\"wp-page\" data-elementor-id=\"2\" class=\"elementor elementor-2\" data-elementor-post-type=\"page\">\n\t\t\t\t\t\t<section class=\"elementor-section elementor-top-section elementor-element elementor-element-3f8e5601 elementor-section-boxed elementor-section-height-default elementor-section-height-default\" data-id=\"3f8e5601\" data-element_type=\"section\" data-e-type=\"section\" data-settings=\"{&quot;background_background&quot;:&quot;classic&quot;}\">\n\t\t\t\t\t\t\t<div class=\"elementor-background-overlay\"><\/div>\n\t\t\t\t\t\t\t<div class=\"elementor-container elementor-column-gap-default\">\n\t\t\t\t\t<div class=\"elementor-column elementor-col-100 elementor-top-column elementor-element elementor-element-d884964\" data-id=\"d884964\" data-element_type=\"column\" data-e-type=\"column\">\n\t\t\t<div class=\"elementor-widget-wrap elementor-element-populated\">\n\t\t\t\t\t\t<div class=\"elementor-element elementor-element-1ea896c elementor-invisible elementor-widget elementor-widget-heading\" data-id=\"1ea896c\" data-element_type=\"widget\" data-e-type=\"widget\" data-settings=\"{&quot;_animation&quot;:&quot;fadeInLeft&quot;}\" data-widget_type=\"heading.default\">\n\t\t\t\t<div class=\"elementor-widget-container\">\n\t\t\t\t\t<h2 class=\"elementor-heading-title elementor-size-default\">Bienvenido a<\/h2>\t\t\t\t<\/div>\n\t\t\t\t<\/div>\n\t\t\t\t<div class=\"elementor-element elementor-element-54124e0 elementor-invisible elementor-widget elementor-widget-heading\" data-id=\"54124e0\" data-element_type=\"widget\" data-e-type=\"widget\" data-settings=\"{&quot;_animation&quot;:&quot;fadeInLeft&quot;}\" data-widget_type=\"heading.default\">\n\t\t\t\t<div class=\"elementor-widget-container\">\n\t\t\t\t\t<h1 class=\"elementor-heading-title elementor-size-default\">Amalurra Estetika<\/h1>\t\t\t\t<\/div>\n\t\t\t\t<\/div>\n\t\t\t\t\t<\/div>\n\t\t<\/div>\n\t\t\t\t\t<\/div>\n\t\t<\/section>\n\t\t\t\t<section class=\"elementor-section elementor-top-section elementor-element elementor-element-6156b346 elementor-section-boxed elementor-section-height-default elementor-section-height-default\" data-id=\"6156b346\" data-element_type=\"section\" data-e-type=\"section\" data-settings=\"{&quot;background_background&quot;:&quot;classic&quot;}\">\n\t\t\t\t\t\t<div class=\"elementor-container elementor-column-gap-default\">\n\t\t\t\t\t<div class=\"elementor-column elementor-col-50 elementor-top-column elementor-element elementor-element-3e3a872 elementor-invisible\" data-id=\"3e3a872\" data-element_type=\"column\" data-e-type=\"column\" data-settings=\"{&quot;animation&quot;:&quot;fadeInLeft&quot;}\">\n\t\t\t<div class=\"elementor-widget-wrap elementor-element-populated\">\n\t\t\t\t\t\t<div class=\"elementor-element elementor-element-719171e1 elementor-widget elementor-widget-image\" data-id=\"719171e1\" data-element_type=\"widget\" data-e-type=\"widget\" data-widget_type=\"image.default\">\n\t\t\t\t<div class=\"elementor-widget-container\">\n\t\t\t\t\t\t\t\t\t\t\t\t\t\t\t<img fetchpriority=\"high\" decoding=\"async\" width=\"382\" height=\"510\" src=\"https:\/\/amalurraestetika.com\/wp-content\/uploads\/2024\/07\/2023-07-24.jpg\" class=\"attachment-full size-full wp-image-746\" alt=\"\" srcset=\"https:\/\/amalurraestetika.com\/wp-content\/uploads\/2024\/07\/2023-07-24.jpg 382w, https:\/\/amalurraestetika.com\/wp-content\/uploads\/2024\/07\/2023-07-24-225x300.jpg 225w, https:\/\/amalurraestetika.com\/wp-content\/uploads\/2024\/07\/2023-07-24-9x12.jpg 9w\" sizes=\"(max-width: 382px) 100vw, 382px\" \/>\t\t\t\t\t\t\t\t\t\t\t\t\t\t\t<\/div>\n\t\t\t\t<\/div>\n\t\t\t\t\t<\/div>\n\t\t<\/div>\n\t\t\t\t<div class=\"elementor-column elementor-col-50 elementor-top-column elementor-element elementor-element-4b15f7c3 elementor-invisible\" data-id=\"4b15f7c3\" data-element_type=\"column\" data-e-type=\"column\" data-settings=\"{&quot;animation&quot;:&quot;fadeInLeft&quot;,&quot;animation_delay&quot;:200}\">\n\t\t\t<div class=\"elementor-widget-wrap elementor-element-populated\">\n\t\t\t\t\t\t<div class=\"elementor-element elementor-element-746f698c elementor-widget elementor-widget-heading\" data-id=\"746f698c\" data-element_type=\"widget\" data-e-type=\"widget\" data-widget_type=\"heading.default\">\n\t\t\t\t<div class=\"elementor-widget-container\">\n\t\t\t\t\t<h6 class=\"elementor-heading-title elementor-size-default\">Conocenos<\/h6>\t\t\t\t<\/div>\n\t\t\t\t<\/div>\n\t\t\t\t<div class=\"elementor-element elementor-element-4f18eb2f elementor-widget elementor-widget-heading\" data-id=\"4f18eb2f\" data-element_type=\"widget\" data-e-type=\"widget\" data-widget_type=\"heading.default\">\n\t\t\t\t<div class=\"elementor-widget-container\">\n\t\t\t\t\t<h4 class=\"elementor-heading-title elementor-size-default\">En Amalurra Estetika nos dedicamos a proporcionar una experiencia \u00fanica que equilibra mente, cuerpo y alma a trav\u00e9s de pr\u00e1cticas naturales y sostenibles. Creemos firmemente en los beneficios de utilizar cosm\u00e9ticos org\u00e1nicos, veganos y libres de crueldad para tu piel, y nuestro compromiso con pr\u00e1cticas \u00e9ticas y respetuosas con el medio ambiente es un pilar de nuestra filosof\u00eda. Ven y descubre todo lo que tenemos para ofrecer y disfruta de un momento especial en nuestro oasis de bienestar.<\/h4>\t\t\t\t<\/div>\n\t\t\t\t<\/div>\n\t\t\t\t\t<\/div>\n\t\t<\/div>\n\t\t\t\t\t<\/div>\n\t\t<\/section>\n\t\t<div class=\"elementor-element elementor-element-e60ce7d e-flex e-con-boxed e-con e-parent\" data-id=\"e60ce7d\" data-element_type=\"container\" data-e-type=\"container\" data-settings=\"{&quot;background_background&quot;:&quot;classic&quot;}\">\n\t\t\t\t\t<div class=\"e-con-inner\">\n\t\t\t\t<div class=\"elementor-element elementor-element-191ce9b elementor-widget elementor-widget-heading\" data-id=\"191ce9b\" data-element_type=\"widget\" data-e-type=\"widget\" data-widget_type=\"heading.default\">\n\t\t\t\t<div class=\"elementor-widget-container\">\n\t\t\t\t\t<h2 class=\"elementor-heading-title elementor-size-default\">\u00bfTe quieres ver radiante?<\/h2>\t\t\t\t<\/div>\n\t\t\t\t<\/div>\n\t\t\t\t<div class=\"elementor-element elementor-element-8c158b8 elementor-widget elementor-widget-heading\" data-id=\"8c158b8\" data-element_type=\"widget\" data-e-type=\"widget\" data-widget_type=\"heading.default\">\n\t\t\t\t<div class=\"elementor-widget-container\">\n\t\t\t\t\t<h3 class=\"elementor-heading-title elementor-size-default\">Utiliza nuestros servicios<\/h3>\t\t\t\t<\/div>\n\t\t\t\t<\/div>\n\t\t\t\t\t<\/div>\n\t\t\t\t<\/div>\n\t\t<div class=\"elementor-element elementor-element-17e549c e-con-full e-flex e-con e-parent\" data-id=\"17e549c\" data-element_type=\"container\" data-e-type=\"container\" data-settings=\"{&quot;background_background&quot;:&quot;classic&quot;}\">\n\t\t<div class=\"elementor-element elementor-element-d2fd485 e-con-full e-flex elementor-invisible e-con e-child\" data-id=\"d2fd485\" data-element_type=\"container\" data-e-type=\"container\" data-settings=\"{&quot;animation&quot;:&quot;fadeInRight&quot;}\">\n\t\t\t\t<div class=\"elementor-element elementor-element-037f3d1 elementor-widget elementor-widget-image\" data-id=\"037f3d1\" data-element_type=\"widget\" data-e-type=\"widget\" data-widget_type=\"image.default\">\n\t\t\t\t<div class=\"elementor-widget-container\">\n\t\t\t\t\t\t\t\t\t\t\t\t\t\t\t<img decoding=\"async\" width=\"800\" height=\"450\" src=\"https:\/\/amalurraestetika.com\/wp-content\/uploads\/2024\/06\/close-up-therapist-applying-face-treatment-1024x576.jpg\" class=\"attachment-large size-large wp-image-225\" alt=\"\" srcset=\"https:\/\/amalurraestetika.com\/wp-content\/uploads\/2024\/06\/close-up-therapist-applying-face-treatment-1024x576.jpg 1024w, https:\/\/amalurraestetika.com\/wp-content\/uploads\/2024\/06\/close-up-therapist-applying-face-treatment-300x169.jpg 300w, https:\/\/amalurraestetika.com\/wp-content\/uploads\/2024\/06\/close-up-therapist-applying-face-treatment-768x432.jpg 768w, https:\/\/amalurraestetika.com\/wp-content\/uploads\/2024\/06\/close-up-therapist-applying-face-treatment-1536x864.jpg 1536w, https:\/\/amalurraestetika.com\/wp-content\/uploads\/2024\/06\/close-up-therapist-applying-face-treatment-2048x1152.jpg 2048w, https:\/\/amalurraestetika.com\/wp-content\/uploads\/2024\/06\/close-up-therapist-applying-face-treatment-18x10.jpg 18w\" sizes=\"(max-width: 800px) 100vw, 800px\" \/>\t\t\t\t\t\t\t\t\t\t\t\t\t\t\t<\/div>\n\t\t\t\t<\/div>\n\t\t\t\t<\/div>\n\t\t<div class=\"elementor-element elementor-element-7204936 e-con-full e-flex elementor-invisible e-con e-child\" data-id=\"7204936\" data-element_type=\"container\" data-e-type=\"container\" data-settings=\"{&quot;animation&quot;:&quot;fadeInRight&quot;}\">\n\t\t\t\t<div class=\"elementor-element elementor-element-7caf606 elementor-widget elementor-widget-heading\" data-id=\"7caf606\" data-element_type=\"widget\" data-e-type=\"widget\" data-widget_type=\"heading.default\">\n\t\t\t\t<div class=\"elementor-widget-container\">\n\t\t\t\t\t<h2 class=\"elementor-heading-title elementor-size-default\">Tratamientos faciales<\/h2>\t\t\t\t<\/div>\n\t\t\t\t<\/div>\n\t\t\t\t<div class=\"elementor-element elementor-element-de05770 elementor-widget elementor-widget-text-editor\" data-id=\"de05770\" data-element_type=\"widget\" data-e-type=\"widget\" data-widget_type=\"text-editor.default\">\n\t\t\t\t<div class=\"elementor-widget-container\">\n\t\t\t\t\t\t\t\t\t<p>Cada tratamiento facial est\u00e1 cuidadosamente elaborado para nutrir la piel, reducir el estr\u00e9s y promover una sensaci\u00f3n de bienestar integral, asegurando que nuestros clientes se sientan renovados por dentro y por fuera. Nuestra misi\u00f3n es ofrecer una experiencia que no solo embellezca, sino que tambi\u00e9n contribuya al equilibrio y la armon\u00eda de todo el ser<\/p>\t\t\t\t\t\t\t\t<\/div>\n\t\t\t\t<\/div>\n\t\t\t\t<div class=\"elementor-element elementor-element-cc496cc elementor-widget elementor-widget-button\" data-id=\"cc496cc\" data-element_type=\"widget\" data-e-type=\"widget\" data-widget_type=\"button.default\">\n\t\t\t\t<div class=\"elementor-widget-container\">\n\t\t\t\t\t\t\t\t\t<div class=\"elementor-button-wrapper\">\n\t\t\t\t\t<a class=\"elementor-button elementor-button-link elementor-size-sm elementor-animation-grow\" href=\"https:\/\/amalurraestetika.com\/tratamientos-corporales\/\">\n\t\t\t\t\t\t<span class=\"elementor-button-content-wrapper\">\n\t\t\t\t\t\t\t\t\t<span class=\"elementor-button-text\">Saber m\u00e1s<\/span>\n\t\t\t\t\t<\/span>\n\t\t\t\t\t<\/a>\n\t\t\t\t<\/div>\n\t\t\t\t\t\t\t\t<\/div>\n\t\t\t\t<\/div>\n\t\t\t\t<\/div>\n\t\t\t\t<\/div>\n\t\t<div class=\"elementor-element elementor-element-db6fd1e e-con-full e-flex e-con e-parent\" data-id=\"db6fd1e\" data-element_type=\"container\" data-e-type=\"container\" data-settings=\"{&quot;background_background&quot;:&quot;classic&quot;}\">\n\t\t<div class=\"elementor-element elementor-element-3f1c0d4 e-con-full elementor-hidden-mobile e-flex elementor-invisible e-con e-child\" data-id=\"3f1c0d4\" data-element_type=\"container\" data-e-type=\"container\" data-settings=\"{&quot;animation&quot;:&quot;fadeInLeft&quot;}\">\n\t\t\t\t<div class=\"elementor-element elementor-element-8d41aed elementor-widget elementor-widget-heading\" data-id=\"8d41aed\" data-element_type=\"widget\" data-e-type=\"widget\" data-widget_type=\"heading.default\">\n\t\t\t\t<div class=\"elementor-widget-container\">\n\t\t\t\t\t<h2 class=\"elementor-heading-title elementor-size-default\"><a href=\"https:\/\/amalurraestetika.ocm\/tratamientos-faciales\/\">Tratamientos corporales<\/a><\/h2>\t\t\t\t<\/div>\n\t\t\t\t<\/div>\n\t\t\t\t<div class=\"elementor-element elementor-element-94a2bf9 elementor-widget elementor-widget-text-editor\" data-id=\"94a2bf9\" data-element_type=\"widget\" data-e-type=\"widget\" data-widget_type=\"text-editor.default\">\n\t\t\t\t<div class=\"elementor-widget-container\">\n\t\t\t\t\t\t\t\t\t<p>Nuestro enfoque hol\u00edstico combina t\u00e9cnicas ancestrales y modernas, siempre respetando el entorno natural, para ofrecer un bienestar integral. Desde masajes terap\u00e9uticos hasta terapias de relajaci\u00f3n profunda, nuestros tratamientos corporales est\u00e1n dise\u00f1ados para revitalizar el cuerpo, aliviar el estr\u00e9s y promover una conexi\u00f3n m\u00e1s profunda con uno mismo y con la naturaleza. Ven y descubre un santuario donde el equilibrio y la armon\u00eda son alcanzables en cada sesi\u00f3n.<\/p>\t\t\t\t\t\t\t\t<\/div>\n\t\t\t\t<\/div>\n\t\t\t\t<div class=\"elementor-element elementor-element-508d25c elementor-align-right elementor-mobile-align-center elementor-widget elementor-widget-button\" data-id=\"508d25c\" data-element_type=\"widget\" data-e-type=\"widget\" data-widget_type=\"button.default\">\n\t\t\t\t<div class=\"elementor-widget-container\">\n\t\t\t\t\t\t\t\t\t<div class=\"elementor-button-wrapper\">\n\t\t\t\t\t<a class=\"elementor-button elementor-button-link elementor-size-sm elementor-animation-grow\" href=\"https:\/\/amalurraestetika.com\/tratamientos-corporales\/\">\n\t\t\t\t\t\t<span class=\"elementor-button-content-wrapper\">\n\t\t\t\t\t\t\t\t\t<span class=\"elementor-button-text\">Saber m\u00e1s<\/span>\n\t\t\t\t\t<\/span>\n\t\t\t\t\t<\/a>\n\t\t\t\t<\/div>\n\t\t\t\t\t\t\t\t<\/div>\n\t\t\t\t<\/div>\n\t\t\t\t<\/div>\n\t\t<div class=\"elementor-element elementor-element-47395e2 e-con-full e-flex elementor-invisible e-con e-child\" data-id=\"47395e2\" data-element_type=\"container\" data-e-type=\"container\" data-settings=\"{&quot;background_background&quot;:&quot;classic&quot;,&quot;animation&quot;:&quot;fadeInLeft&quot;}\">\n\t\t\t\t<div class=\"elementor-element elementor-element-de72108 elementor-widget elementor-widget-image\" data-id=\"de72108\" data-element_type=\"widget\" data-e-type=\"widget\" data-widget_type=\"image.default\">\n\t\t\t\t<div class=\"elementor-widget-container\">\n\t\t\t\t\t\t\t\t\t\t\t\t\t\t\t<img decoding=\"async\" width=\"800\" height=\"532\" src=\"https:\/\/amalurraestetika.com\/wp-content\/uploads\/2024\/06\/abdomen-massage-concept-close-up-1024x681.jpg\" class=\"attachment-large size-large wp-image-244\" alt=\"\" srcset=\"https:\/\/amalurraestetika.com\/wp-content\/uploads\/2024\/06\/abdomen-massage-concept-close-up-1024x681.jpg 1024w, https:\/\/amalurraestetika.com\/wp-content\/uploads\/2024\/06\/abdomen-massage-concept-close-up-300x200.jpg 300w, https:\/\/amalurraestetika.com\/wp-content\/uploads\/2024\/06\/abdomen-massage-concept-close-up-768x511.jpg 768w, https:\/\/amalurraestetika.com\/wp-content\/uploads\/2024\/06\/abdomen-massage-concept-close-up-1536x1022.jpg 1536w, https:\/\/amalurraestetika.com\/wp-content\/uploads\/2024\/06\/abdomen-massage-concept-close-up-2048x1363.jpg 2048w, https:\/\/amalurraestetika.com\/wp-content\/uploads\/2024\/06\/abdomen-massage-concept-close-up-18x12.jpg 18w\" sizes=\"(max-width: 800px) 100vw, 800px\" \/>\t\t\t\t\t\t\t\t\t\t\t\t\t\t\t<\/div>\n\t\t\t\t<\/div>\n\t\t\t\t<\/div>\n\t\t<div class=\"elementor-element elementor-element-165c7e1 e-con-full elementor-hidden-desktop elementor-hidden-tablet e-flex elementor-invisible e-con e-child\" data-id=\"165c7e1\" data-element_type=\"container\" data-e-type=\"container\" data-settings=\"{&quot;animation&quot;:&quot;fadeInLeft&quot;}\">\n\t\t\t\t<div class=\"elementor-element elementor-element-8ba9f2b elementor-widget elementor-widget-heading\" data-id=\"8ba9f2b\" data-element_type=\"widget\" data-e-type=\"widget\" data-widget_type=\"heading.default\">\n\t\t\t\t<div class=\"elementor-widget-container\">\n\t\t\t\t\t<h2 class=\"elementor-heading-title elementor-size-default\"><a href=\"https:\/\/amalurraestetika.ocm\/tratamientos-faciales\/\">Tratamientos corporales<\/a><\/h2>\t\t\t\t<\/div>\n\t\t\t\t<\/div>\n\t\t\t\t<div class=\"elementor-element elementor-element-6b6c043 elementor-widget elementor-widget-text-editor\" data-id=\"6b6c043\" data-element_type=\"widget\" data-e-type=\"widget\" data-widget_type=\"text-editor.default\">\n\t\t\t\t<div class=\"elementor-widget-container\">\n\t\t\t\t\t\t\t\t\t<p>Nuestro enfoque hol\u00edstico combina t\u00e9cnicas ancestrales y modernas, siempre respetando el entorno natural, para ofrecer un bienestar integral. Desde masajes terap\u00e9uticos hasta terapias de relajaci\u00f3n profunda, nuestros tratamientos corporales est\u00e1n dise\u00f1ados para revitalizar el cuerpo, aliviar el estr\u00e9s y promover una conexi\u00f3n m\u00e1s profunda con uno mismo y con la naturaleza. Ven y descubre un santuario donde el equilibrio y la armon\u00eda son alcanzables en cada sesi\u00f3n.<\/p>\t\t\t\t\t\t\t\t<\/div>\n\t\t\t\t<\/div>\n\t\t\t\t<div class=\"elementor-element elementor-element-becd1c4 elementor-align-right elementor-mobile-align-center elementor-hidden-desktop elementor-hidden-tablet elementor-widget elementor-widget-button\" data-id=\"becd1c4\" data-element_type=\"widget\" data-e-type=\"widget\" data-widget_type=\"button.default\">\n\t\t\t\t<div class=\"elementor-widget-container\">\n\t\t\t\t\t\t\t\t\t<div class=\"elementor-button-wrapper\">\n\t\t\t\t\t<a class=\"elementor-button elementor-button-link elementor-size-sm elementor-animation-grow\" href=\"https:\/\/amalurraestetika.com\/tratamientos-corporales\/\">\n\t\t\t\t\t\t<span class=\"elementor-button-content-wrapper\">\n\t\t\t\t\t\t\t\t\t<span class=\"elementor-button-text\">Saber m\u00e1s<\/span>\n\t\t\t\t\t<\/span>\n\t\t\t\t\t<\/a>\n\t\t\t\t<\/div>\n\t\t\t\t\t\t\t\t<\/div>\n\t\t\t\t<\/div>\n\t\t\t\t<\/div>\n\t\t\t\t<\/div>\n\t\t<div class=\"elementor-element elementor-element-208e272 e-con-full e-flex e-con e-parent\" data-id=\"208e272\" data-element_type=\"container\" data-e-type=\"container\" data-settings=\"{&quot;background_background&quot;:&quot;classic&quot;}\">\n\t\t<div class=\"elementor-element elementor-element-d1ef12a e-con-full e-flex elementor-invisible e-con e-child\" data-id=\"d1ef12a\" data-element_type=\"container\" data-e-type=\"container\" data-settings=\"{&quot;background_background&quot;:&quot;classic&quot;,&quot;animation&quot;:&quot;fadeInLeft&quot;}\">\n\t\t\t\t<div class=\"elementor-element elementor-element-10fb477 elementor-widget elementor-widget-image\" data-id=\"10fb477\" data-element_type=\"widget\" data-e-type=\"widget\" data-widget_type=\"image.default\">\n\t\t\t\t<div class=\"elementor-widget-container\">\n\t\t\t\t\t\t\t\t\t\t\t\t\t\t\t<img loading=\"lazy\" decoding=\"async\" width=\"800\" height=\"533\" src=\"https:\/\/amalurraestetika.com\/wp-content\/uploads\/2024\/06\/massage-for-stress-and-tension-relief-female-massage-therapist-massaging-a-woman-1024x682.jpg\" class=\"attachment-large size-large wp-image-401\" alt=\"Massage for stress and tension relief. Female massage therapist massaging a woman\" srcset=\"https:\/\/amalurraestetika.com\/wp-content\/uploads\/2024\/06\/massage-for-stress-and-tension-relief-female-massage-therapist-massaging-a-woman-1024x682.jpg 1024w, https:\/\/amalurraestetika.com\/wp-content\/uploads\/2024\/06\/massage-for-stress-and-tension-relief-female-massage-therapist-massaging-a-woman-300x200.jpg 300w, https:\/\/amalurraestetika.com\/wp-content\/uploads\/2024\/06\/massage-for-stress-and-tension-relief-female-massage-therapist-massaging-a-woman-768x512.jpg 768w, https:\/\/amalurraestetika.com\/wp-content\/uploads\/2024\/06\/massage-for-stress-and-tension-relief-female-massage-therapist-massaging-a-woman-1536x1024.jpg 1536w, https:\/\/amalurraestetika.com\/wp-content\/uploads\/2024\/06\/massage-for-stress-and-tension-relief-female-massage-therapist-massaging-a-woman-18x12.jpg 18w, https:\/\/amalurraestetika.com\/wp-content\/uploads\/2024\/06\/massage-for-stress-and-tension-relief-female-massage-therapist-massaging-a-woman-600x400.jpg 600w, https:\/\/amalurraestetika.com\/wp-content\/uploads\/2024\/06\/massage-for-stress-and-tension-relief-female-massage-therapist-massaging-a-woman.jpg 2000w\" sizes=\"(max-width: 800px) 100vw, 800px\" \/>\t\t\t\t\t\t\t\t\t\t\t\t\t\t\t<\/div>\n\t\t\t\t<\/div>\n\t\t\t\t<\/div>\n\t\t<div class=\"elementor-element elementor-element-10f776a e-con-full e-flex elementor-invisible e-con e-child\" data-id=\"10f776a\" data-element_type=\"container\" data-e-type=\"container\" data-settings=\"{&quot;animation&quot;:&quot;fadeInLeft&quot;}\">\n\t\t\t\t<div class=\"elementor-element elementor-element-fc910f9 elementor-widget elementor-widget-heading\" data-id=\"fc910f9\" data-element_type=\"widget\" data-e-type=\"widget\" data-widget_type=\"heading.default\">\n\t\t\t\t<div class=\"elementor-widget-container\">\n\t\t\t\t\t<h2 class=\"elementor-heading-title elementor-size-default\">Masajes<\/h2>\t\t\t\t<\/div>\n\t\t\t\t<\/div>\n\t\t\t\t<div class=\"elementor-element elementor-element-160ea7c elementor-widget elementor-widget-text-editor\" data-id=\"160ea7c\" data-element_type=\"widget\" data-e-type=\"widget\" data-widget_type=\"text-editor.default\">\n\t\t\t\t<div class=\"elementor-widget-container\">\n\t\t\t\t\t\t\t\t\t<p>Nuestros servicios est\u00e1n dise\u00f1ados para promover el bienestar integral, utilizando t\u00e9cnicas de masaje que no solo relajan y revitalizan el cuerpo, sino que tambi\u00e9n restauran la armon\u00eda mental y espiritual. Utilizamos productos ecol\u00f3gicos y m\u00e9todos respetuosos con el medio ambiente, garantizando que cada sesi\u00f3n contribuya a la salud de nuestros clientes y del planeta. Ven y descubre un oasis de tranquilidad donde el bienestar hol\u00edstico y la sostenibilidad se encuentran en perfecta sinton\u00eda.<\/p>\t\t\t\t\t\t\t\t<\/div>\n\t\t\t\t<\/div>\n\t\t\t\t<div class=\"elementor-element elementor-element-7f720d2 elementor-align-right elementor-widget elementor-widget-button\" data-id=\"7f720d2\" data-element_type=\"widget\" data-e-type=\"widget\" data-widget_type=\"button.default\">\n\t\t\t\t<div class=\"elementor-widget-container\">\n\t\t\t\t\t\t\t\t\t<div class=\"elementor-button-wrapper\">\n\t\t\t\t\t<a class=\"elementor-button elementor-button-link elementor-size-sm elementor-animation-grow\" href=\"https:\/\/amalurraestetika.com\/masajes\/\">\n\t\t\t\t\t\t<span class=\"elementor-button-content-wrapper\">\n\t\t\t\t\t\t\t\t\t<span class=\"elementor-button-text\">Saber m\u00e1s<\/span>\n\t\t\t\t\t<\/span>\n\t\t\t\t\t<\/a>\n\t\t\t\t<\/div>\n\t\t\t\t\t\t\t\t<\/div>\n\t\t\t\t<\/div>\n\t\t\t\t<\/div>\n\t\t\t\t<\/div>\n\t\t<div class=\"elementor-element elementor-element-12dfd29 e-con-full e-flex e-con e-parent\" data-id=\"12dfd29\" data-element_type=\"container\" data-e-type=\"container\" data-settings=\"{&quot;background_background&quot;:&quot;classic&quot;}\">\n\t\t<div class=\"elementor-element elementor-element-1c216cc e-con-full elementor-hidden-mobile e-flex elementor-invisible e-con e-child\" data-id=\"1c216cc\" data-element_type=\"container\" data-e-type=\"container\" data-settings=\"{&quot;animation&quot;:&quot;fadeInRight&quot;}\">\n\t\t\t\t<div class=\"elementor-element elementor-element-aa80618 elementor-widget elementor-widget-heading\" data-id=\"aa80618\" data-element_type=\"widget\" data-e-type=\"widget\" data-widget_type=\"heading.default\">\n\t\t\t\t<div class=\"elementor-widget-container\">\n\t\t\t\t\t<h2 class=\"elementor-heading-title elementor-size-default\">Depilaci\u00f3n<\/h2>\t\t\t\t<\/div>\n\t\t\t\t<\/div>\n\t\t\t\t<div class=\"elementor-element elementor-element-5e20084 elementor-widget elementor-widget-text-editor\" data-id=\"5e20084\" data-element_type=\"widget\" data-e-type=\"widget\" data-widget_type=\"text-editor.default\">\n\t\t\t\t<div class=\"elementor-widget-container\">\n\t\t\t\t\t\t\t\t\t<p>Ofrecemos tratamientos de depilaci\u00f3n que respetan y cuidan tu piel utilizando productos ecol\u00f3gicos y m\u00e9todos que minimizan el impacto ambiental. Nuestra depilaci\u00f3n no solo te brinda resultados efectivos y duraderos, sino que tambi\u00e9n asegura una experiencia relajante y armoniosa, alineada con nuestra filosof\u00eda de bienestar integral y respeto por la naturaleza.<\/p>\t\t\t\t\t\t\t\t<\/div>\n\t\t\t\t<\/div>\n\t\t\t\t<div class=\"elementor-element elementor-element-195bdd5 elementor-align-right elementor-widget elementor-widget-button\" data-id=\"195bdd5\" data-element_type=\"widget\" data-e-type=\"widget\" data-widget_type=\"button.default\">\n\t\t\t\t<div class=\"elementor-widget-container\">\n\t\t\t\t\t\t\t\t\t<div class=\"elementor-button-wrapper\">\n\t\t\t\t\t<a class=\"elementor-button elementor-button-link elementor-size-sm elementor-animation-grow\" href=\"https:\/\/amalurraestetika.com\/depilacion\/\">\n\t\t\t\t\t\t<span class=\"elementor-button-content-wrapper\">\n\t\t\t\t\t\t\t\t\t<span class=\"elementor-button-text\">Saber m\u00e1s<\/span>\n\t\t\t\t\t<\/span>\n\t\t\t\t\t<\/a>\n\t\t\t\t<\/div>\n\t\t\t\t\t\t\t\t<\/div>\n\t\t\t\t<\/div>\n\t\t\t\t<\/div>\n\t\t<div class=\"elementor-element elementor-element-0954a31 e-con-full e-flex elementor-invisible e-con e-child\" data-id=\"0954a31\" data-element_type=\"container\" data-e-type=\"container\" data-settings=\"{&quot;background_background&quot;:&quot;classic&quot;,&quot;animation&quot;:&quot;fadeInRight&quot;}\">\n\t\t\t\t<div class=\"elementor-element elementor-element-76dd00d elementor-widget elementor-widget-image\" data-id=\"76dd00d\" data-element_type=\"widget\" data-e-type=\"widget\" data-widget_type=\"image.default\">\n\t\t\t\t<div class=\"elementor-widget-container\">\n\t\t\t\t\t\t\t\t\t\t\t\t\t\t\t<img loading=\"lazy\" decoding=\"async\" width=\"800\" height=\"533\" src=\"https:\/\/amalurraestetika.com\/wp-content\/uploads\/2024\/06\/woman-receiving-underarm-laser-hair-removal-at-a-beauty-center--1024x682.jpg\" class=\"attachment-large size-large wp-image-252\" alt=\"Woman receiving underarm laser hair removal at a beauty center.\" srcset=\"https:\/\/amalurraestetika.com\/wp-content\/uploads\/2024\/06\/woman-receiving-underarm-laser-hair-removal-at-a-beauty-center--1024x682.jpg 1024w, https:\/\/amalurraestetika.com\/wp-content\/uploads\/2024\/06\/woman-receiving-underarm-laser-hair-removal-at-a-beauty-center--300x200.jpg 300w, https:\/\/amalurraestetika.com\/wp-content\/uploads\/2024\/06\/woman-receiving-underarm-laser-hair-removal-at-a-beauty-center--768x512.jpg 768w, https:\/\/amalurraestetika.com\/wp-content\/uploads\/2024\/06\/woman-receiving-underarm-laser-hair-removal-at-a-beauty-center--1536x1024.jpg 1536w, https:\/\/amalurraestetika.com\/wp-content\/uploads\/2024\/06\/woman-receiving-underarm-laser-hair-removal-at-a-beauty-center--18x12.jpg 18w, https:\/\/amalurraestetika.com\/wp-content\/uploads\/2024\/06\/woman-receiving-underarm-laser-hair-removal-at-a-beauty-center-.jpg 2000w\" sizes=\"(max-width: 800px) 100vw, 800px\" \/>\t\t\t\t\t\t\t\t\t\t\t\t\t\t\t<\/div>\n\t\t\t\t<\/div>\n\t\t\t\t<\/div>\n\t\t<div class=\"elementor-element elementor-element-de4fc09 e-con-full elementor-hidden-desktop elementor-hidden-tablet e-flex elementor-invisible e-con e-child\" data-id=\"de4fc09\" data-element_type=\"container\" data-e-type=\"container\" data-settings=\"{&quot;animation&quot;:&quot;fadeInRight&quot;}\">\n\t\t\t\t<div class=\"elementor-element elementor-element-c4eb149 elementor-widget elementor-widget-heading\" data-id=\"c4eb149\" data-element_type=\"widget\" data-e-type=\"widget\" data-widget_type=\"heading.default\">\n\t\t\t\t<div class=\"elementor-widget-container\">\n\t\t\t\t\t<h2 class=\"elementor-heading-title elementor-size-default\">Depilaci\u00f3n<\/h2>\t\t\t\t<\/div>\n\t\t\t\t<\/div>\n\t\t\t\t<div class=\"elementor-element elementor-element-19b348f elementor-widget elementor-widget-text-editor\" data-id=\"19b348f\" data-element_type=\"widget\" data-e-type=\"widget\" data-widget_type=\"text-editor.default\">\n\t\t\t\t<div class=\"elementor-widget-container\">\n\t\t\t\t\t\t\t\t\t<p>Ofrecemos tratamientos de depilaci\u00f3n que respetan y cuidan tu piel utilizando productos ecol\u00f3gicos y m\u00e9todos que minimizan el impacto ambiental. Nuestra depilaci\u00f3n no solo te brinda resultados efectivos y duraderos, sino que tambi\u00e9n asegura una experiencia relajante y armoniosa, alineada con nuestra filosof\u00eda de bienestar integral y respeto por la naturaleza.<\/p>\t\t\t\t\t\t\t\t<\/div>\n\t\t\t\t<\/div>\n\t\t\t\t<div class=\"elementor-element elementor-element-428384b elementor-align-right elementor-widget elementor-widget-button\" data-id=\"428384b\" data-element_type=\"widget\" data-e-type=\"widget\" data-widget_type=\"button.default\">\n\t\t\t\t<div class=\"elementor-widget-container\">\n\t\t\t\t\t\t\t\t\t<div class=\"elementor-button-wrapper\">\n\t\t\t\t\t<a class=\"elementor-button elementor-button-link elementor-size-sm elementor-animation-grow\" href=\"https:\/\/amalurraestetika.com\/depilacion\/\">\n\t\t\t\t\t\t<span class=\"elementor-button-content-wrapper\">\n\t\t\t\t\t\t\t\t\t<span class=\"elementor-button-text\">Saber m\u00e1s<\/span>\n\t\t\t\t\t<\/span>\n\t\t\t\t\t<\/a>\n\t\t\t\t<\/div>\n\t\t\t\t\t\t\t\t<\/div>\n\t\t\t\t<\/div>\n\t\t\t\t<\/div>\n\t\t\t\t<\/div>\n\t\t<div class=\"elementor-element elementor-element-46a755f e-flex e-con-boxed e-con e-parent\" data-id=\"46a755f\" data-element_type=\"container\" data-e-type=\"container\" data-settings=\"{&quot;background_background&quot;:&quot;classic&quot;}\">\n\t\t\t\t\t<div class=\"e-con-inner\">\n\t\t\t\t<div class=\"elementor-element elementor-element-7bebcd6 elementor-widget elementor-widget-heading\" data-id=\"7bebcd6\" data-element_type=\"widget\" data-e-type=\"widget\" data-widget_type=\"heading.default\">\n\t\t\t\t<div class=\"elementor-widget-container\">\n\t\t\t\t\t<h3 class=\"elementor-heading-title elementor-size-default\">Tambi\u00e9n utilizamos variaci\u00f3n de productos<\/h3>\t\t\t\t<\/div>\n\t\t\t\t<\/div>\n\t\t\t\t\t<\/div>\n\t\t\t\t<\/div>\n\t\t<div class=\"elementor-element elementor-element-9fee691 e-con-full e-flex e-con e-parent\" data-id=\"9fee691\" data-element_type=\"container\" data-e-type=\"container\" data-settings=\"{&quot;background_background&quot;:&quot;classic&quot;}\">\n\t\t<div class=\"elementor-element elementor-element-5f12132 e-con-full e-flex elementor-invisible e-con e-child\" data-id=\"5f12132\" data-element_type=\"container\" data-e-type=\"container\" data-settings=\"{&quot;background_background&quot;:&quot;classic&quot;,&quot;animation&quot;:&quot;fadeInLeft&quot;}\">\n\t\t\t\t<div class=\"elementor-element elementor-element-9852da1 elementor-widget elementor-widget-image\" data-id=\"9852da1\" data-element_type=\"widget\" data-e-type=\"widget\" data-widget_type=\"image.default\">\n\t\t\t\t<div class=\"elementor-widget-container\">\n\t\t\t\t\t\t\t\t\t\t\t\t\t\t\t<img loading=\"lazy\" decoding=\"async\" width=\"800\" height=\"533\" src=\"https:\/\/amalurraestetika.com\/wp-content\/uploads\/2024\/06\/facial-cosmetic-products-and-konjac-sponge-on-a-beige-background-1024x682.jpg\" class=\"attachment-large size-large wp-image-272\" alt=\"Facial cosmetic products and konjac sponge on a beige background\" srcset=\"https:\/\/amalurraestetika.com\/wp-content\/uploads\/2024\/06\/facial-cosmetic-products-and-konjac-sponge-on-a-beige-background-1024x682.jpg 1024w, https:\/\/amalurraestetika.com\/wp-content\/uploads\/2024\/06\/facial-cosmetic-products-and-konjac-sponge-on-a-beige-background-300x200.jpg 300w, https:\/\/amalurraestetika.com\/wp-content\/uploads\/2024\/06\/facial-cosmetic-products-and-konjac-sponge-on-a-beige-background-768x512.jpg 768w, https:\/\/amalurraestetika.com\/wp-content\/uploads\/2024\/06\/facial-cosmetic-products-and-konjac-sponge-on-a-beige-background-1536x1024.jpg 1536w, https:\/\/amalurraestetika.com\/wp-content\/uploads\/2024\/06\/facial-cosmetic-products-and-konjac-sponge-on-a-beige-background-18x12.jpg 18w, https:\/\/amalurraestetika.com\/wp-content\/uploads\/2024\/06\/facial-cosmetic-products-and-konjac-sponge-on-a-beige-background.jpg 2000w\" sizes=\"(max-width: 800px) 100vw, 800px\" \/>\t\t\t\t\t\t\t\t\t\t\t\t\t\t\t<\/div>\n\t\t\t\t<\/div>\n\t\t\t\t<\/div>\n\t\t<div class=\"elementor-element elementor-element-9b84ddb e-con-full e-flex elementor-invisible e-con e-child\" data-id=\"9b84ddb\" data-element_type=\"container\" data-e-type=\"container\" data-settings=\"{&quot;animation&quot;:&quot;fadeInLeft&quot;}\">\n\t\t\t\t<div class=\"elementor-element elementor-element-0283b40 elementor-widget elementor-widget-heading\" data-id=\"0283b40\" data-element_type=\"widget\" data-e-type=\"widget\" data-widget_type=\"heading.default\">\n\t\t\t\t<div class=\"elementor-widget-container\">\n\t\t\t\t\t<h2 class=\"elementor-heading-title elementor-size-default\"><a href=\"https:\/\/amalurraestetika.ocm\/tratamientos-faciales\/\">Faciales<\/a><\/h2>\t\t\t\t<\/div>\n\t\t\t\t<\/div>\n\t\t\t\t<div class=\"elementor-element elementor-element-108293a elementor-widget elementor-widget-text-editor\" data-id=\"108293a\" data-element_type=\"widget\" data-e-type=\"widget\" data-widget_type=\"text-editor.default\">\n\t\t\t\t<div class=\"elementor-widget-container\">\n\t\t\t\t\t\t\t\t\t<p>Nuestros productos faciales est\u00e1n elaborados con ingredientes org\u00e1nicos y naturales, cuidadosamente seleccionados para nutrir y revitalizar la piel. Cada f\u00f3rmula est\u00e1 dise\u00f1ada para ofrecer beneficios espec\u00edficos, desde la hidrataci\u00f3n profunda hasta la protecci\u00f3n contra el envejecimiento, todo ello sin el uso de qu\u00edmicos agresivos.<\/p>\t\t\t\t\t\t\t\t<\/div>\n\t\t\t\t<\/div>\n\t\t\t\t<div class=\"elementor-element elementor-element-cb1780a elementor-align-right elementor-widget elementor-widget-button\" data-id=\"cb1780a\" data-element_type=\"widget\" data-e-type=\"widget\" data-widget_type=\"button.default\">\n\t\t\t\t<div class=\"elementor-widget-container\">\n\t\t\t\t\t\t\t\t\t<div class=\"elementor-button-wrapper\">\n\t\t\t\t\t<a class=\"elementor-button elementor-button-link elementor-size-sm elementor-animation-grow\" href=\"https:\/\/amalurraestetika.com\/faciales\/\">\n\t\t\t\t\t\t<span class=\"elementor-button-content-wrapper\">\n\t\t\t\t\t\t\t\t\t<span class=\"elementor-button-text\">Saber m\u00e1s<\/span>\n\t\t\t\t\t<\/span>\n\t\t\t\t\t<\/a>\n\t\t\t\t<\/div>\n\t\t\t\t\t\t\t\t<\/div>\n\t\t\t\t<\/div>\n\t\t\t\t<\/div>\n\t\t\t\t<\/div>\n\t\t<div class=\"elementor-element elementor-element-1bfb87a e-con-full e-flex e-con e-parent\" data-id=\"1bfb87a\" data-element_type=\"container\" data-e-type=\"container\" data-settings=\"{&quot;background_background&quot;:&quot;classic&quot;}\">\n\t\t<div class=\"elementor-element elementor-element-96da754 e-con-full elementor-hidden-mobile e-flex elementor-invisible e-con e-child\" data-id=\"96da754\" data-element_type=\"container\" data-e-type=\"container\" data-settings=\"{&quot;animation&quot;:&quot;fadeInRight&quot;}\">\n\t\t\t\t<div class=\"elementor-element elementor-element-ac0d664 elementor-widget elementor-widget-heading\" data-id=\"ac0d664\" data-element_type=\"widget\" data-e-type=\"widget\" data-widget_type=\"heading.default\">\n\t\t\t\t<div class=\"elementor-widget-container\">\n\t\t\t\t\t<h2 class=\"elementor-heading-title elementor-size-default\"><a href=\"https:\/\/amalurraestetika.ocm\/tratamientos-faciales\/\">Corporales<\/a><\/h2>\t\t\t\t<\/div>\n\t\t\t\t<\/div>\n\t\t\t\t<div class=\"elementor-element elementor-element-d5a06b1 elementor-widget elementor-widget-text-editor\" data-id=\"d5a06b1\" data-element_type=\"widget\" data-e-type=\"widget\" data-widget_type=\"text-editor.default\">\n\t\t\t\t<div class=\"elementor-widget-container\">\n\t\t\t\t\t\t\t\t\t<div class=\"flex flex-grow flex-col max-w-full\"><div class=\"min-h-[20px] text-message flex flex-col items-start whitespace-pre-wrap break-words [.text-message+&amp;]:mt-5 juice:w-full juice:items-end overflow-x-auto gap-2\" dir=\"auto\" data-message-author-role=\"assistant\" data-message-id=\"a783b47d-e018-4db8-a6d2-21078524d57a\"><div class=\"flex w-full flex-col gap-1 juice:empty:hidden juice:first:pt-[3px]\"><div class=\"markdown prose w-full break-words dark:prose-invert dark\"><p>Cada uno de nuestros productos est\u00e1 dise\u00f1ado para nutrir y revitalizar la piel, ofreciendo beneficios terap\u00e9uticos que potencian la salud y el bienestar general. Creemos en la conexi\u00f3n profunda entre la naturaleza y el ser humano, y trabajamos para crear un entorno en el que cada cliente pueda encontrar armon\u00eda y renovaci\u00f3n.<\/p><\/div><\/div><\/div><\/div><div class=\"mt-1 flex gap-3 empty:hidden juice:-ml-3\"><div class=\"items-center justify-start rounded-xl p-1 flex\"><div class=\"flex items-center\">\u00a0<\/div><\/div><\/div>\t\t\t\t\t\t\t\t<\/div>\n\t\t\t\t<\/div>\n\t\t\t\t<div class=\"elementor-element elementor-element-1f78aa4 elementor-align-right elementor-widget elementor-widget-button\" data-id=\"1f78aa4\" data-element_type=\"widget\" data-e-type=\"widget\" data-widget_type=\"button.default\">\n\t\t\t\t<div class=\"elementor-widget-container\">\n\t\t\t\t\t\t\t\t\t<div class=\"elementor-button-wrapper\">\n\t\t\t\t\t<a class=\"elementor-button elementor-button-link elementor-size-sm elementor-animation-grow\" href=\"https:\/\/amalurraestetika.com\/corporales\/\">\n\t\t\t\t\t\t<span class=\"elementor-button-content-wrapper\">\n\t\t\t\t\t\t\t\t\t<span class=\"elementor-button-text\">Saber m\u00e1s<\/span>\n\t\t\t\t\t<\/span>\n\t\t\t\t\t<\/a>\n\t\t\t\t<\/div>\n\t\t\t\t\t\t\t\t<\/div>\n\t\t\t\t<\/div>\n\t\t\t\t<\/div>\n\t\t<div class=\"elementor-element elementor-element-4637dbe e-con-full e-flex elementor-invisible e-con e-child\" data-id=\"4637dbe\" data-element_type=\"container\" data-e-type=\"container\" data-settings=\"{&quot;background_background&quot;:&quot;classic&quot;,&quot;animation&quot;:&quot;fadeInRight&quot;}\">\n\t\t\t\t<div class=\"elementor-element elementor-element-bc0709c elementor-widget elementor-widget-image\" data-id=\"bc0709c\" data-element_type=\"widget\" data-e-type=\"widget\" data-widget_type=\"image.default\">\n\t\t\t\t<div class=\"elementor-widget-container\">\n\t\t\t\t\t\t\t\t\t\t\t\t\t\t\t<img loading=\"lazy\" decoding=\"async\" width=\"800\" height=\"533\" src=\"https:\/\/amalurraestetika.com\/wp-content\/uploads\/2024\/06\/skin-care-product-natural-cosmetic-flat-lay-1024x682.jpg\" class=\"attachment-large size-large wp-image-273\" alt=\"Skin care product, natural cosmetic flat lay\" srcset=\"https:\/\/amalurraestetika.com\/wp-content\/uploads\/2024\/06\/skin-care-product-natural-cosmetic-flat-lay-1024x682.jpg 1024w, https:\/\/amalurraestetika.com\/wp-content\/uploads\/2024\/06\/skin-care-product-natural-cosmetic-flat-lay-300x200.jpg 300w, https:\/\/amalurraestetika.com\/wp-content\/uploads\/2024\/06\/skin-care-product-natural-cosmetic-flat-lay-768x512.jpg 768w, https:\/\/amalurraestetika.com\/wp-content\/uploads\/2024\/06\/skin-care-product-natural-cosmetic-flat-lay-1536x1024.jpg 1536w, https:\/\/amalurraestetika.com\/wp-content\/uploads\/2024\/06\/skin-care-product-natural-cosmetic-flat-lay-18x12.jpg 18w, https:\/\/amalurraestetika.com\/wp-content\/uploads\/2024\/06\/skin-care-product-natural-cosmetic-flat-lay.jpg 2000w\" sizes=\"(max-width: 800px) 100vw, 800px\" \/>\t\t\t\t\t\t\t\t\t\t\t\t\t\t\t<\/div>\n\t\t\t\t<\/div>\n\t\t\t\t<\/div>\n\t\t<div class=\"elementor-element elementor-element-c3b3990 e-con-full elementor-hidden-desktop elementor-hidden-tablet e-flex elementor-invisible e-con e-child\" data-id=\"c3b3990\" data-element_type=\"container\" data-e-type=\"container\" data-settings=\"{&quot;animation&quot;:&quot;fadeInRight&quot;}\">\n\t\t\t\t<div class=\"elementor-element elementor-element-12ae308 elementor-widget elementor-widget-heading\" data-id=\"12ae308\" data-element_type=\"widget\" data-e-type=\"widget\" data-widget_type=\"heading.default\">\n\t\t\t\t<div class=\"elementor-widget-container\">\n\t\t\t\t\t<h2 class=\"elementor-heading-title elementor-size-default\"><a href=\"https:\/\/amalurraestetika.ocm\/tratamientos-faciales\/\">Corporales<\/a><\/h2>\t\t\t\t<\/div>\n\t\t\t\t<\/div>\n\t\t\t\t<div class=\"elementor-element elementor-element-bab3946 elementor-widget elementor-widget-text-editor\" data-id=\"bab3946\" data-element_type=\"widget\" data-e-type=\"widget\" data-widget_type=\"text-editor.default\">\n\t\t\t\t<div class=\"elementor-widget-container\">\n\t\t\t\t\t\t\t\t\t<div class=\"flex flex-grow flex-col max-w-full\"><div class=\"min-h-[20px] text-message flex flex-col items-start whitespace-pre-wrap break-words [.text-message+&amp;]:mt-5 juice:w-full juice:items-end overflow-x-auto gap-2\" dir=\"auto\" data-message-author-role=\"assistant\" data-message-id=\"a783b47d-e018-4db8-a6d2-21078524d57a\"><div class=\"flex w-full flex-col gap-1 juice:empty:hidden juice:first:pt-[3px]\"><div class=\"markdown prose w-full break-words dark:prose-invert dark\"><p>Cada uno de nuestros productos est\u00e1 dise\u00f1ado para nutrir y revitalizar la piel, ofreciendo beneficios terap\u00e9uticos que potencian la salud y el bienestar general. Creemos en la conexi\u00f3n profunda entre la naturaleza y el ser humano, y trabajamos para crear un entorno en el que cada cliente pueda encontrar armon\u00eda y renovaci\u00f3n.<\/p><\/div><\/div><\/div><\/div><div class=\"mt-1 flex gap-3 empty:hidden juice:-ml-3\"><div class=\"items-center justify-start rounded-xl p-1 flex\"><div class=\"flex items-center\">\u00a0<\/div><\/div><\/div>\t\t\t\t\t\t\t\t<\/div>\n\t\t\t\t<\/div>\n\t\t\t\t<div class=\"elementor-element elementor-element-bcb5ced elementor-align-right elementor-widget elementor-widget-button\" data-id=\"bcb5ced\" data-element_type=\"widget\" data-e-type=\"widget\" data-widget_type=\"button.default\">\n\t\t\t\t<div class=\"elementor-widget-container\">\n\t\t\t\t\t\t\t\t\t<div class=\"elementor-button-wrapper\">\n\t\t\t\t\t<a class=\"elementor-button elementor-button-link elementor-size-sm elementor-animation-grow\" href=\"https:\/\/amalurraestetika.com\/corporales\/\">\n\t\t\t\t\t\t<span class=\"elementor-button-content-wrapper\">\n\t\t\t\t\t\t\t\t\t<span class=\"elementor-button-text\">Saber m\u00e1s<\/span>\n\t\t\t\t\t<\/span>\n\t\t\t\t\t<\/a>\n\t\t\t\t<\/div>\n\t\t\t\t\t\t\t\t<\/div>\n\t\t\t\t<\/div>\n\t\t\t\t<\/div>\n\t\t\t\t<\/div>\n\t\t<div class=\"elementor-element elementor-element-a9b8381 e-flex e-con-boxed e-con e-parent\" data-id=\"a9b8381\" data-element_type=\"container\" data-e-type=\"container\" data-settings=\"{&quot;background_background&quot;:&quot;classic&quot;}\">\n\t\t\t\t\t<div class=\"e-con-inner\">\n\t\t\t\t<div class=\"elementor-element elementor-element-47d527b elementor-widget elementor-widget-heading\" data-id=\"47d527b\" data-element_type=\"widget\" data-e-type=\"widget\" data-widget_type=\"heading.default\">\n\t\t\t\t<div class=\"elementor-widget-container\">\n\t\t\t\t\t<h2 class=\"elementor-heading-title elementor-size-default\">\u00bfTienes en mente verte reluciente?<\/h2>\t\t\t\t<\/div>\n\t\t\t\t<\/div>\n\t\t\t\t<div class=\"elementor-element elementor-element-13f3d42 elementor-align-center elementor-widget elementor-widget-button\" data-id=\"13f3d42\" data-element_type=\"widget\" data-e-type=\"widget\" data-widget_type=\"button.default\">\n\t\t\t\t<div class=\"elementor-widget-container\">\n\t\t\t\t\t\t\t\t\t<div class=\"elementor-button-wrapper\">\n\t\t\t\t\t<a class=\"elementor-button elementor-button-link elementor-size-sm\" href=\"https:\/\/amalurraestetika.com\/contacto\/\" target=\"_blank\">\n\t\t\t\t\t\t<span class=\"elementor-button-content-wrapper\">\n\t\t\t\t\t\t\t\t\t<span class=\"elementor-button-text\">Contactanos<\/span>\n\t\t\t\t\t<\/span>\n\t\t\t\t\t<\/a>\n\t\t\t\t<\/div>\n\t\t\t\t\t\t\t\t<\/div>\n\t\t\t\t<\/div>\n\t\t\t\t\t<\/div>\n\t\t\t\t<\/div>\n\t\t\t\t<\/div>\n\t\t","protected":false},"excerpt":{"rendered":"<p>Bienvenido a Amalurra Estetika Conocenos En Amalurra Estetika nos dedicamos a proporcionar una experiencia \u00fanica que equilibra mente, cuerpo y alma a trav\u00e9s de pr\u00e1cticas naturales y sostenibles. Creemos firmemente en los beneficios de utilizar cosm\u00e9ticos org\u00e1nicos, veganos y libres de crueldad para tu piel, y nuestro compromiso con pr\u00e1cticas \u00e9ticas y respetuosas con el [&hellip;]<\/p>\n","protected":false},"author":1,"featured_media":0,"parent":0,"menu_order":0,"comment_status":"closed","ping_status":"closed","template":"elementor_canvas","meta":{"footnotes":""},"class_list":["post-2","page","type-page","status-publish","hentry"],"yoast_head":"<!-- This site is optimized with the Yoast SEO plugin v27.5 - https:\/\/yoast.com\/product\/yoast-seo-wordpress\/ -->\n<title>Inicio - Amalurra Estetika<\/title>\n<meta name=\"robots\" content=\"index, follow, max-snippet:-1, max-image-preview:large, max-video-preview:-1\" \/>\n<link rel=\"canonical\" href=\"https:\/\/amalurraestetika.com\/eus\/\" \/>\n<meta property=\"og:locale\" content=\"en_US\" \/>\n<meta property=\"og:type\" content=\"article\" \/>\n<meta property=\"og:title\" content=\"Inicio - Amalurra Estetika\" \/>\n<meta property=\"og:description\" content=\"Bienvenido a Amalurra Estetika Conocenos En Amalurra Estetika nos dedicamos a proporcionar una experiencia \u00fanica que equilibra mente, cuerpo y alma a trav\u00e9s de pr\u00e1cticas naturales y sostenibles. Creemos firmemente en los beneficios de utilizar cosm\u00e9ticos org\u00e1nicos, veganos y libres de crueldad para tu piel, y nuestro compromiso con pr\u00e1cticas \u00e9ticas y respetuosas con el [&hellip;]\" \/>\n<meta property=\"og:url\" content=\"https:\/\/amalurraestetika.com\/eus\/\" \/>\n<meta property=\"og:site_name\" content=\"Amalurra Estetika\" \/>\n<meta property=\"article:modified_time\" content=\"2024-11-24T20:14:56+00:00\" \/>\n<meta property=\"og:image\" content=\"https:\/\/amalurraestetika.com\/wp-content\/uploads\/2024\/07\/2023-07-24.jpg\" \/>\n<meta name=\"twitter:card\" content=\"summary_large_image\" \/>\n<meta name=\"twitter:label1\" content=\"Est. reading time\" \/>\n\t<meta name=\"twitter:data1\" content=\"5 minutua\" \/>\n<script type=\"application\/ld+json\" class=\"yoast-schema-graph\">{\"@context\":\"https:\\\/\\\/schema.org\",\"@graph\":[{\"@type\":\"WebPage\",\"@id\":\"https:\\\/\\\/amalurraestetika.com\\\/\",\"url\":\"https:\\\/\\\/amalurraestetika.com\\\/\",\"name\":\"Inicio - Amalurra Estetika\",\"isPartOf\":{\"@id\":\"https:\\\/\\\/amalurraestetika.com\\\/#website\"},\"primaryImageOfPage\":{\"@id\":\"https:\\\/\\\/amalurraestetika.com\\\/#primaryimage\"},\"image\":{\"@id\":\"https:\\\/\\\/amalurraestetika.com\\\/#primaryimage\"},\"thumbnailUrl\":\"https:\\\/\\\/amalurraestetika.com\\\/wp-content\\\/uploads\\\/2024\\\/07\\\/2023-07-24.jpg\",\"datePublished\":\"2024-06-26T15:48:23+00:00\",\"dateModified\":\"2024-11-24T20:14:56+00:00\",\"breadcrumb\":{\"@id\":\"https:\\\/\\\/amalurraestetika.com\\\/#breadcrumb\"},\"inLanguage\":\"eu\",\"potentialAction\":[{\"@type\":\"ReadAction\",\"target\":[\"https:\\\/\\\/amalurraestetika.com\\\/\"]}]},{\"@type\":\"ImageObject\",\"inLanguage\":\"eu\",\"@id\":\"https:\\\/\\\/amalurraestetika.com\\\/#primaryimage\",\"url\":\"https:\\\/\\\/amalurraestetika.com\\\/wp-content\\\/uploads\\\/2024\\\/07\\\/2023-07-24.jpg\",\"contentUrl\":\"https:\\\/\\\/amalurraestetika.com\\\/wp-content\\\/uploads\\\/2024\\\/07\\\/2023-07-24.jpg\"},{\"@type\":\"BreadcrumbList\",\"@id\":\"https:\\\/\\\/amalurraestetika.com\\\/#breadcrumb\",\"itemListElement\":[{\"@type\":\"ListItem\",\"position\":1,\"name\":\"Portada\",\"item\":\"https:\\\/\\\/amalurraestetika.com\\\/\"},{\"@type\":\"ListItem\",\"position\":2,\"name\":\"Inicio\"}]},{\"@type\":\"WebSite\",\"@id\":\"https:\\\/\\\/amalurraestetika.com\\\/#website\",\"url\":\"https:\\\/\\\/amalurraestetika.com\\\/\",\"name\":\"Amalurra Estetika\",\"description\":\"En Amalurra Estetika nos dedicamos a proporcionar una experiencia \u00fanica que equilibra mente, cuerpo y alma a trav\u00e9s de pr\u00e1cticas naturales y sostenibles. Creemos firmemente en los beneficios de utilizar cosm\u00e9ticos org\u00e1nicos, veganos y libres de crueldad para tu piel, y nuestro compromiso con pr\u00e1cticas \u00e9ticas y respetuosas con el medio ambiente es un pilar de nuestra filosof\u00eda. Ven y descubre todo lo que tenemos para ofrecer y disfruta de un momento especial en nuestro oasis de bienestar.\",\"publisher\":{\"@id\":\"https:\\\/\\\/amalurraestetika.com\\\/#organization\"},\"potentialAction\":[{\"@type\":\"SearchAction\",\"target\":{\"@type\":\"EntryPoint\",\"urlTemplate\":\"https:\\\/\\\/amalurraestetika.com\\\/?s={search_term_string}\"},\"query-input\":{\"@type\":\"PropertyValueSpecification\",\"valueRequired\":true,\"valueName\":\"search_term_string\"}}],\"inLanguage\":\"eu\"},{\"@type\":\"Organization\",\"@id\":\"https:\\\/\\\/amalurraestetika.com\\\/#organization\",\"name\":\"Amalurra Estetika\",\"url\":\"https:\\\/\\\/amalurraestetika.com\\\/\",\"logo\":{\"@type\":\"ImageObject\",\"inLanguage\":\"eu\",\"@id\":\"https:\\\/\\\/amalurraestetika.com\\\/#\\\/schema\\\/logo\\\/image\\\/\",\"url\":\"https:\\\/\\\/amalurraestetika.com\\\/wp-content\\\/uploads\\\/2024\\\/07\\\/cropped-Amalurra_color-original.png\",\"contentUrl\":\"https:\\\/\\\/amalurraestetika.com\\\/wp-content\\\/uploads\\\/2024\\\/07\\\/cropped-Amalurra_color-original.png\",\"width\":709,\"height\":326,\"caption\":\"Amalurra Estetika\"},\"image\":{\"@id\":\"https:\\\/\\\/amalurraestetika.com\\\/#\\\/schema\\\/logo\\\/image\\\/\"}}]}<\/script>\n<!-- \/ Yoast SEO plugin. -->","yoast_head_json":{"title":"Inicio - Amalurra Estetika","robots":{"index":"index","follow":"follow","max-snippet":"max-snippet:-1","max-image-preview":"max-image-preview:large","max-video-preview":"max-video-preview:-1"},"canonical":"https:\/\/amalurraestetika.com\/eus\/","og_locale":"en_US","og_type":"article","og_title":"Inicio - Amalurra Estetika","og_description":"Bienvenido a Amalurra Estetika Conocenos En Amalurra Estetika nos dedicamos a proporcionar una experiencia \u00fanica que equilibra mente, cuerpo y alma a trav\u00e9s de pr\u00e1cticas naturales y sostenibles. Creemos firmemente en los beneficios de utilizar cosm\u00e9ticos org\u00e1nicos, veganos y libres de crueldad para tu piel, y nuestro compromiso con pr\u00e1cticas \u00e9ticas y respetuosas con el [&hellip;]","og_url":"https:\/\/amalurraestetika.com\/eus\/","og_site_name":"Amalurra Estetika","article_modified_time":"2024-11-24T20:14:56+00:00","og_image":[{"url":"https:\/\/amalurraestetika.com\/wp-content\/uploads\/2024\/07\/2023-07-24.jpg","type":"","width":"","height":""}],"twitter_card":"summary_large_image","twitter_misc":{"Est. reading time":"5 minutua"},"schema":{"@context":"https:\/\/schema.org","@graph":[{"@type":"WebPage","@id":"https:\/\/amalurraestetika.com\/","url":"https:\/\/amalurraestetika.com\/","name":"Inicio - Amalurra Estetika","isPartOf":{"@id":"https:\/\/amalurraestetika.com\/#website"},"primaryImageOfPage":{"@id":"https:\/\/amalurraestetika.com\/#primaryimage"},"image":{"@id":"https:\/\/amalurraestetika.com\/#primaryimage"},"thumbnailUrl":"https:\/\/amalurraestetika.com\/wp-content\/uploads\/2024\/07\/2023-07-24.jpg","datePublished":"2024-06-26T15:48:23+00:00","dateModified":"2024-11-24T20:14:56+00:00","breadcrumb":{"@id":"https:\/\/amalurraestetika.com\/#breadcrumb"},"inLanguage":"eu","potentialAction":[{"@type":"ReadAction","target":["https:\/\/amalurraestetika.com\/"]}]},{"@type":"ImageObject","inLanguage":"eu","@id":"https:\/\/amalurraestetika.com\/#primaryimage","url":"https:\/\/amalurraestetika.com\/wp-content\/uploads\/2024\/07\/2023-07-24.jpg","contentUrl":"https:\/\/amalurraestetika.com\/wp-content\/uploads\/2024\/07\/2023-07-24.jpg"},{"@type":"BreadcrumbList","@id":"https:\/\/amalurraestetika.com\/#breadcrumb","itemListElement":[{"@type":"ListItem","position":1,"name":"Portada","item":"https:\/\/amalurraestetika.com\/"},{"@type":"ListItem","position":2,"name":"Inicio"}]},{"@type":"WebSite","@id":"https:\/\/amalurraestetika.com\/#website","url":"https:\/\/amalurraestetika.com\/","name":"Amalurra Estetika","description":"Amalurra Estetika-n, praktika natural eta iraunkorren bidez adimena, gorputza eta arima orekatzen dituen esperientzia paregabea eskaintzen dihardugu. Uste sendoa dugu kosmetiko organikoak, beganoak eta krudelkeriarik gabekoak erabiltzearen onuretan, eta ingurumena errespetatzen duten praktika etikoekin dugun konpromisoa gure filosofiaren zutabe bat da. Zatoz eta ezagutu eskaintzeko dugun guztia eta gozatu une berezi batez gure ongizate-oasian.","publisher":{"@id":"https:\/\/amalurraestetika.com\/#organization"},"potentialAction":[{"@type":"SearchAction","target":{"@type":"EntryPoint","urlTemplate":"https:\/\/amalurraestetika.com\/?s={search_term_string}"},"query-input":{"@type":"PropertyValueSpecification","valueRequired":true,"valueName":"search_term_string"}}],"inLanguage":"eu"},{"@type":"Organization","@id":"https:\/\/amalurraestetika.com\/#organization","name":"Amalurra Estetika","url":"https:\/\/amalurraestetika.com\/","logo":{"@type":"ImageObject","inLanguage":"eu","@id":"https:\/\/amalurraestetika.com\/#\/schema\/logo\/image\/","url":"https:\/\/amalurraestetika.com\/wp-content\/uploads\/2024\/07\/cropped-Amalurra_color-original.png","contentUrl":"https:\/\/amalurraestetika.com\/wp-content\/uploads\/2024\/07\/cropped-Amalurra_color-original.png","width":709,"height":326,"caption":"Amalurra Estetika"},"image":{"@id":"https:\/\/amalurraestetika.com\/#\/schema\/logo\/image\/"}}]}},"_links":{"self":[{"href":"https:\/\/amalurraestetika.com\/eus\/wp-json\/wp\/v2\/pages\/2","targetHints":{"allow":["GET"]}}],"collection":[{"href":"https:\/\/amalurraestetika.com\/eus\/wp-json\/wp\/v2\/pages"}],"about":[{"href":"https:\/\/amalurraestetika.com\/eus\/wp-json\/wp\/v2\/types\/page"}],"author":[{"embeddable":true,"href":"https:\/\/amalurraestetika.com\/eus\/wp-json\/wp\/v2\/users\/1"}],"replies":[{"embeddable":true,"href":"https:\/\/amalurraestetika.com\/eus\/wp-json\/wp\/v2\/comments?post=2"}],"version-history":[{"count":283,"href":"https:\/\/amalurraestetika.com\/eus\/wp-json\/wp\/v2\/pages\/2\/revisions"}],"predecessor-version":[{"id":1636,"href":"https:\/\/amalurraestetika.com\/eus\/wp-json\/wp\/v2\/pages\/2\/revisions\/1636"}],"wp:attachment":[{"href":"https:\/\/amalurraestetika.com\/eus\/wp-json\/wp\/v2\/media?parent=2"}],"curies":[{"name":"wp","href":"https:\/\/api.w.org\/{rel}","templated":true}]}}